{"version":"1.0","provider_name":"Ordem Terceira","provider_url":"https:\/\/ordemterceira.com.br","title":"NOVENA & FESTA DA PADROEIRA 2023 - Ordem Terceira","type":"rich","width":600,"height":338,"html":"<blockquote class=\"wp-embedded-content\" data-secret=\"I9eWoae1GK\"><a href=\"https:\/\/ordemterceira.com.br\/index.php\/novena-festa-da-padroeira-2023-2\/\">NOVENA &#038; FESTA DA PADROEIRA 2023<\/a><\/blockquote><iframe sandbox=\"allow-scripts\" security=\"restricted\" src=\"https:\/\/ordemterceira.com.br\/index.php\/novena-festa-da-padroeira-2023-2\/embed\/#?secret=I9eWoae1GK\" width=\"600\" height=\"338\" title=\"&#8220;NOVENA &#038; FESTA DA PADROEIRA 2023&#8221; &#8212; Ordem Terceira\" data-secret=\"I9eWoae1GK\" frameborder=\"0\" marginwidth=\"0\" marginheight=\"0\" scrolling=\"no\" class=\"wp-embedded-content\"><\/iframe><script>\n\/*! This file is auto-generated *\/\n!function(d,l){\"use strict\";l.querySelector&&d.addEventListener&&\"undefined\"!=typeof URL&&(d.wp=d.wp||{},d.wp.receiveEmbedMessage||(d.wp.receiveEmbedMessage=function(e){var t=e.data;if((t||t.secret||t.message||t.value)&&!\/[^a-zA-Z0-9]\/.test(t.secret)){for(var s,r,n,a=l.querySelectorAll('iframe[data-secret=\"'+t.secret+'\"]'),o=l.querySelectorAll('blockquote[data-secret=\"'+t.secret+'\"]'),c=new RegExp(\"^https?:$\",\"i\"),i=0;i<o.length;i++)o[i].style.display=\"none\";for(i=0;i<a.length;i++)s=a[i],e.source===s.contentWindow&&(s.removeAttribute(\"style\"),\"height\"===t.message?(1e3<(r=parseInt(t.value,10))?r=1e3:~~r<200&&(r=200),s.height=r):\"link\"===t.message&&(r=new URL(s.getAttribute(\"src\")),n=new URL(t.value),c.test(n.protocol))&&n.host===r.host&&l.activeElement===s&&(d.top.location.href=t.value))}},d.addEventListener(\"message\",d.wp.receiveEmbedMessage,!1),l.addEventListener(\"DOMContentLoaded\",function(){for(var e,t,s=l.querySelectorAll(\"iframe.wp-embedded-content\"),r=0;r<s.length;r++)(t=(e=s[r]).getAttribute(\"data-secret\"))||(t=Math.random().toString(36).substring(2,12),e.src+=\"#?secret=\"+t,e.setAttribute(\"data-secret\",t)),e.contentWindow.postMessage({message:\"ready\",secret:t},\"*\")},!1)))}(window,document);\n<\/script>\n","description":"Leonardo Arroyo escreve que sempre foi tradi\u00e7\u00e3o da Igreja do Carmo da Ladeira realizar as melhores Missas Cantadas, Melhores Prociss\u00f5es, as mais caprichadas comemora\u00e7\u00f5es da Semana Santa al\u00e9m das mais belas novenas da cidade. &nbsp; A centen\u00e1ria novena de Nossa Senhora do Carmo da Ordem Terceira faz parte da cidade de S\u00e3o Paulo. Feita at\u00e9 [&hellip;]","thumbnail_url":"https:\/\/ordemterceira.com.br\/wp-content\/uploads\/2023\/06\/Solene-Novenario-capa-do-site-1024x577.png"}