{"id":61,"date":"2023-10-09T01:05:38","date_gmt":"2023-10-09T04:05:38","guid":{"rendered":"https:\/\/ordemterceira.com.br\/index.php\/galeria\/"},"modified":"2023-10-09T01:06:31","modified_gmt":"2023-10-09T04:06:31","slug":"galeria","status":"publish","type":"page","link":"https:\/\/ordemterceira.com.br\/index.php\/galeria\/","title":{"rendered":"Galeria"},"content":{"rendered":"\t\t<div data-elementor-type=\"wp-page\" data-elementor-id=\"61\" class=\"elementor elementor-61\" data-elementor-post-type=\"page\">\n\t\t\t\t\t\t<section class=\"elementor-section elementor-top-section elementor-element elementor-element-17705f68 elementor-section-boxed elementor-section-height-default elementor-section-height-default\" data-id=\"17705f68\" data-element_type=\"section\">\n\t\t\t\t\t\t<div class=\"elementor-container elementor-column-gap-default\">\n\t\t\t\t\t<div class=\"elementor-column elementor-col-100 elementor-top-column elementor-element elementor-element-65a8ce3\" data-id=\"65a8ce3\" data-element_type=\"column\">\n\t\t\t<div class=\"elementor-widget-wrap elementor-element-populated\">\n\t\t\t\t\t\t<div class=\"elementor-element elementor-element-79e64800 elementor-widget elementor-widget-heading\" data-id=\"79e64800\" data-element_type=\"widget\" data-widget_type=\"heading.default\">\n\t\t\t\t<div class=\"elementor-widget-container\">\n\t\t\t\t\t<h2 class=\"elementor-heading-title elementor-size-xl\">Corpus Christi 2023<\/h2>\t\t\t\t<\/div>\n\t\t\t\t<\/div>\n\t\t\t\t<div class=\"elementor-element elementor-element-5c2f238b elementor-grid-3 elementor-grid-tablet-2 elementor-grid-mobile-1 elementor-widget elementor-widget-portfolio\" data-id=\"5c2f238b\" data-element_type=\"widget\" data-settings=\"{&quot;columns&quot;:&quot;3&quot;,&quot;columns_tablet&quot;:&quot;2&quot;,&quot;columns_mobile&quot;:&quot;1&quot;,&quot;item_ratio&quot;:{&quot;unit&quot;:&quot;px&quot;,&quot;size&quot;:0.66,&quot;sizes&quot;:[]},&quot;item_gap&quot;:{&quot;unit&quot;:&quot;px&quot;,&quot;size&quot;:&quot;&quot;,&quot;sizes&quot;:[]},&quot;row_gap&quot;:{&quot;unit&quot;:&quot;px&quot;,&quot;size&quot;:&quot;&quot;,&quot;sizes&quot;:[]}}\" data-widget_type=\"portfolio.default\">\n\t\t\t\t<div class=\"elementor-widget-container\">\n\t\t\t\t\t\t\t<div class=\"elementor-portfolio elementor-grid elementor-posts-container\">\n\t\t\t\t<article class=\"elementor-portfolio-item elementor-post  post-3288 post type-post status-publish format-standard has-post-thumbnail hentry category-blog\">\n\t\t\t<a class=\"elementor-post__thumbnail__link\" href=\"https:\/\/ordemterceira.com.br\/index.php\/2026\/04\/27\/exame-de-consciencia-completo-para-confissao\/\">\n\t\t\t\t<div class=\"elementor-portfolio-item__img elementor-post__thumbnail\">\n\t\t\t<img fetchpriority=\"high\" decoding=\"async\" width=\"240\" height=\"300\" src=\"https:\/\/ordemterceira.com.br\/wp-content\/uploads\/2026\/04\/Exame-de-consciencia-completo-para-confissao-240x300.png\" class=\"attachment-medium size-medium wp-image-3289\" alt=\"\" srcset=\"https:\/\/ordemterceira.com.br\/wp-content\/uploads\/2026\/04\/Exame-de-consciencia-completo-para-confissao-240x300.png 240w, https:\/\/ordemterceira.com.br\/wp-content\/uploads\/2026\/04\/Exame-de-consciencia-completo-para-confissao-819x1024.png 819w, https:\/\/ordemterceira.com.br\/wp-content\/uploads\/2026\/04\/Exame-de-consciencia-completo-para-confissao-768x960.png 768w, https:\/\/ordemterceira.com.br\/wp-content\/uploads\/2026\/04\/Exame-de-consciencia-completo-para-confissao.png 1080w\" sizes=\"(max-width: 240px) 100vw, 240px\" \/>\t\t<\/div>\n\t\t\t\t<div class=\"elementor-portfolio-item__overlay\">\n\t\t\t\t<h3 class=\"elementor-portfolio-item__title\">\n\t\tExame de consci\u00eancia completo para confiss\u00e3o\t\t<\/h3>\n\t\t\t\t<\/div>\n\t\t\t\t<\/a>\n\t\t<\/article>\n\t\t\t\t<article class=\"elementor-portfolio-item elementor-post  post-3282 post type-post status-publish format-standard has-post-thumbnail hentry category-blog\">\n\t\t\t<a class=\"elementor-post__thumbnail__link\" href=\"https:\/\/ordemterceira.com.br\/index.php\/2026\/04\/20\/os-dons-e-frutos-do-espirito-santo-como-reconhecer-a-acao-de-deus-no-dia-a-dia\/\">\n\t\t\t\t<div class=\"elementor-portfolio-item__img elementor-post__thumbnail\">\n\t\t\t<img decoding=\"async\" width=\"240\" height=\"300\" src=\"https:\/\/ordemterceira.com.br\/wp-content\/uploads\/2026\/04\/Os-dons-e-frutos-do-Espirito-Santo-como-reconhecer-a-acao-de-Deus-no-dia-a-dia-240x300.png\" class=\"attachment-medium size-medium wp-image-3283\" alt=\"\" srcset=\"https:\/\/ordemterceira.com.br\/wp-content\/uploads\/2026\/04\/Os-dons-e-frutos-do-Espirito-Santo-como-reconhecer-a-acao-de-Deus-no-dia-a-dia-240x300.png 240w, https:\/\/ordemterceira.com.br\/wp-content\/uploads\/2026\/04\/Os-dons-e-frutos-do-Espirito-Santo-como-reconhecer-a-acao-de-Deus-no-dia-a-dia-819x1024.png 819w, https:\/\/ordemterceira.com.br\/wp-content\/uploads\/2026\/04\/Os-dons-e-frutos-do-Espirito-Santo-como-reconhecer-a-acao-de-Deus-no-dia-a-dia-768x960.png 768w, https:\/\/ordemterceira.com.br\/wp-content\/uploads\/2026\/04\/Os-dons-e-frutos-do-Espirito-Santo-como-reconhecer-a-acao-de-Deus-no-dia-a-dia.png 1080w\" sizes=\"(max-width: 240px) 100vw, 240px\" \/>\t\t<\/div>\n\t\t\t\t<div class=\"elementor-portfolio-item__overlay\">\n\t\t\t\t<h3 class=\"elementor-portfolio-item__title\">\n\t\tOs dons e frutos do Esp\u00edrito Santo: como reconhecer a a\u00e7\u00e3o de Deus no dia a dia\t\t<\/h3>\n\t\t\t\t<\/div>\n\t\t\t\t<\/a>\n\t\t<\/article>\n\t\t\t\t<article class=\"elementor-portfolio-item elementor-post  post-3273 post type-post status-publish format-standard has-post-thumbnail hentry category-blog\">\n\t\t\t<a class=\"elementor-post__thumbnail__link\" href=\"https:\/\/ordemterceira.com.br\/index.php\/2026\/04\/18\/entre-a-ressurreicao-e-pentecostes-o-hino-ao-espirito-santo-de-santa-teresa-benedita-da-cruz\/\">\n\t\t\t\t<div class=\"elementor-portfolio-item__img elementor-post__thumbnail\">\n\t\t\t<img decoding=\"async\" width=\"240\" height=\"300\" src=\"https:\/\/ordemterceira.com.br\/wp-content\/uploads\/2026\/04\/Entre-a-Ressurreicao-e-Pentecostes-o-Hino-ao-Espirito-Santo-de-Santa-Teresa-Benedita-da-Cruz-240x300.png\" class=\"attachment-medium size-medium wp-image-3274\" alt=\"\" srcset=\"https:\/\/ordemterceira.com.br\/wp-content\/uploads\/2026\/04\/Entre-a-Ressurreicao-e-Pentecostes-o-Hino-ao-Espirito-Santo-de-Santa-Teresa-Benedita-da-Cruz-240x300.png 240w, https:\/\/ordemterceira.com.br\/wp-content\/uploads\/2026\/04\/Entre-a-Ressurreicao-e-Pentecostes-o-Hino-ao-Espirito-Santo-de-Santa-Teresa-Benedita-da-Cruz-819x1024.png 819w, https:\/\/ordemterceira.com.br\/wp-content\/uploads\/2026\/04\/Entre-a-Ressurreicao-e-Pentecostes-o-Hino-ao-Espirito-Santo-de-Santa-Teresa-Benedita-da-Cruz-768x960.png 768w, https:\/\/ordemterceira.com.br\/wp-content\/uploads\/2026\/04\/Entre-a-Ressurreicao-e-Pentecostes-o-Hino-ao-Espirito-Santo-de-Santa-Teresa-Benedita-da-Cruz.png 1080w\" sizes=\"(max-width: 240px) 100vw, 240px\" \/>\t\t<\/div>\n\t\t\t\t<div class=\"elementor-portfolio-item__overlay\">\n\t\t\t\t<h3 class=\"elementor-portfolio-item__title\">\n\t\tEntre a Ressurrei\u00e7\u00e3o e Pentecostes: o Hino ao Esp\u00edrito Santo de Santa Teresa Benedita da Cruz\t\t<\/h3>\n\t\t\t\t<\/div>\n\t\t\t\t<\/a>\n\t\t<\/article>\n\t\t\t\t<article class=\"elementor-portfolio-item elementor-post  post-3263 post type-post status-publish format-standard has-post-thumbnail hentry category-blog\">\n\t\t\t<a class=\"elementor-post__thumbnail__link\" href=\"https:\/\/ordemterceira.com.br\/index.php\/2026\/04\/11\/devocionario-catolico-25-oracoes-cotidianas\/\">\n\t\t\t\t<div class=\"elementor-portfolio-item__img elementor-post__thumbnail\">\n\t\t\t<img loading=\"lazy\" decoding=\"async\" width=\"240\" height=\"300\" src=\"https:\/\/ordemterceira.com.br\/wp-content\/uploads\/2026\/04\/Devocionario-catolico-25-oracoes-cotidianas-240x300.png\" class=\"attachment-medium size-medium wp-image-3264\" alt=\"\" srcset=\"https:\/\/ordemterceira.com.br\/wp-content\/uploads\/2026\/04\/Devocionario-catolico-25-oracoes-cotidianas-240x300.png 240w, https:\/\/ordemterceira.com.br\/wp-content\/uploads\/2026\/04\/Devocionario-catolico-25-oracoes-cotidianas-819x1024.png 819w, https:\/\/ordemterceira.com.br\/wp-content\/uploads\/2026\/04\/Devocionario-catolico-25-oracoes-cotidianas-768x960.png 768w, https:\/\/ordemterceira.com.br\/wp-content\/uploads\/2026\/04\/Devocionario-catolico-25-oracoes-cotidianas.png 1080w\" sizes=\"(max-width: 240px) 100vw, 240px\" \/>\t\t<\/div>\n\t\t\t\t<div class=\"elementor-portfolio-item__overlay\">\n\t\t\t\t<h3 class=\"elementor-portfolio-item__title\">\n\t\tDevocion\u00e1rio cat\u00f3lico: 25 ora\u00e7\u00f5es cotidianas\t\t<\/h3>\n\t\t\t\t<\/div>\n\t\t\t\t<\/a>\n\t\t<\/article>\n\t\t\t\t<article class=\"elementor-portfolio-item elementor-post  post-3251 post type-post status-publish format-standard has-post-thumbnail hentry category-blog\">\n\t\t\t<a class=\"elementor-post__thumbnail__link\" href=\"https:\/\/ordemterceira.com.br\/index.php\/2026\/04\/06\/cinquenta-dias-de-aleluia\/\">\n\t\t\t\t<div class=\"elementor-portfolio-item__img elementor-post__thumbnail\">\n\t\t\t<img loading=\"lazy\" decoding=\"async\" width=\"240\" height=\"300\" src=\"https:\/\/ordemterceira.com.br\/wp-content\/uploads\/2026\/04\/Cinquenta-dias-de-Aleluia-240x300.png\" class=\"attachment-medium size-medium wp-image-3252\" alt=\"\" srcset=\"https:\/\/ordemterceira.com.br\/wp-content\/uploads\/2026\/04\/Cinquenta-dias-de-Aleluia-240x300.png 240w, https:\/\/ordemterceira.com.br\/wp-content\/uploads\/2026\/04\/Cinquenta-dias-de-Aleluia-819x1024.png 819w, https:\/\/ordemterceira.com.br\/wp-content\/uploads\/2026\/04\/Cinquenta-dias-de-Aleluia-768x960.png 768w, https:\/\/ordemterceira.com.br\/wp-content\/uploads\/2026\/04\/Cinquenta-dias-de-Aleluia.png 1080w\" sizes=\"(max-width: 240px) 100vw, 240px\" \/>\t\t<\/div>\n\t\t\t\t<div class=\"elementor-portfolio-item__overlay\">\n\t\t\t\t<h3 class=\"elementor-portfolio-item__title\">\n\t\tCinquenta dias de Aleluia\t\t<\/h3>\n\t\t\t\t<\/div>\n\t\t\t\t<\/a>\n\t\t<\/article>\n\t\t\t\t<article class=\"elementor-portfolio-item elementor-post  post-3242 post type-post status-publish format-standard has-post-thumbnail hentry category-blog\">\n\t\t\t<a class=\"elementor-post__thumbnail__link\" href=\"https:\/\/ordemterceira.com.br\/index.php\/2026\/03\/28\/as-musicas-sacras-da-semana-santa-que-a-igreja-canta-ha-seculos\/\">\n\t\t\t\t<div class=\"elementor-portfolio-item__img elementor-post__thumbnail\">\n\t\t\t<img loading=\"lazy\" decoding=\"async\" width=\"240\" height=\"300\" src=\"https:\/\/ordemterceira.com.br\/wp-content\/uploads\/2026\/03\/As-musicas-sacras-da-Semana-Santa-que-a-Igreja-canta-ha-seculos-240x300.png\" class=\"attachment-medium size-medium wp-image-3243\" alt=\"\" srcset=\"https:\/\/ordemterceira.com.br\/wp-content\/uploads\/2026\/03\/As-musicas-sacras-da-Semana-Santa-que-a-Igreja-canta-ha-seculos-240x300.png 240w, https:\/\/ordemterceira.com.br\/wp-content\/uploads\/2026\/03\/As-musicas-sacras-da-Semana-Santa-que-a-Igreja-canta-ha-seculos-819x1024.png 819w, https:\/\/ordemterceira.com.br\/wp-content\/uploads\/2026\/03\/As-musicas-sacras-da-Semana-Santa-que-a-Igreja-canta-ha-seculos-768x960.png 768w, https:\/\/ordemterceira.com.br\/wp-content\/uploads\/2026\/03\/As-musicas-sacras-da-Semana-Santa-que-a-Igreja-canta-ha-seculos.png 1080w\" sizes=\"(max-width: 240px) 100vw, 240px\" \/>\t\t<\/div>\n\t\t\t\t<div class=\"elementor-portfolio-item__overlay\">\n\t\t\t\t<h3 class=\"elementor-portfolio-item__title\">\n\t\tAs m\u00fasicas sacras da Semana Santa que a Igreja canta h\u00e1 s\u00e9culos\t\t<\/h3>\n\t\t\t\t<\/div>\n\t\t\t\t<\/a>\n\t\t<\/article>\n\t\t\t\t<\/div>\n\t\t\t\t\t\t<\/div>\n\t\t\t\t<\/div>\n\t\t\t\t<div class=\"elementor-element elementor-element-2a2a06c0 elementor-widget elementor-widget-spacer\" data-id=\"2a2a06c0\" data-element_type=\"widget\" data-widget_type=\"spacer.default\">\n\t\t\t\t<div class=\"elementor-widget-container\">\n\t\t\t\t\t\t\t<div class=\"elementor-spacer\">\n\t\t\t<div class=\"elementor-spacer-inner\"><\/div>\n\t\t<\/div>\n\t\t\t\t\t\t<\/div>\n\t\t\t\t<\/div>\n\t\t\t\t<div class=\"elementor-element elementor-element-1fb19ffd elementor-widget-divider--view-line elementor-widget elementor-widget-divider\" data-id=\"1fb19ffd\" data-element_type=\"widget\" data-widget_type=\"divider.default\">\n\t\t\t\t<div class=\"elementor-widget-container\">\n\t\t\t\t\t\t\t<div class=\"elementor-divider\">\n\t\t\t<span class=\"elementor-divider-separator\">\n\t\t\t\t\t\t<\/span>\n\t\t<\/div>\n\t\t\t\t\t\t<\/div>\n\t\t\t\t<\/div>\n\t\t\t\t<div class=\"elementor-element elementor-element-270ad308 elementor-widget elementor-widget-heading\" data-id=\"270ad308\" data-element_type=\"widget\" data-widget_type=\"heading.default\">\n\t\t\t\t<div class=\"elementor-widget-container\">\n\t\t\t\t\t<h1 class=\"elementor-heading-title elementor-size-default\">Semana Santa 2023<\/h1>\t\t\t\t<\/div>\n\t\t\t\t<\/div>\n\t\t\t\t\t<\/div>\n\t\t<\/div>\n\t\t\t\t\t<\/div>\n\t\t<\/section>\n\t\t\t\t<section class=\"elementor-section elementor-top-section elementor-element elementor-element-23712e1c elementor-section-boxed elementor-section-height-default elementor-section-height-default\" data-id=\"23712e1c\" data-element_type=\"section\">\n\t\t\t\t\t\t<div class=\"elementor-container elementor-column-gap-default\">\n\t\t\t\t\t<div class=\"elementor-column elementor-col-100 elementor-top-column elementor-element elementor-element-65df8056\" data-id=\"65df8056\" data-element_type=\"column\">\n\t\t\t<div class=\"elementor-widget-wrap elementor-element-populated\">\n\t\t\t\t\t\t<div class=\"elementor-element elementor-element-e67a87b elementor-widget elementor-widget-heading\" data-id=\"e67a87b\" data-element_type=\"widget\" data-widget_type=\"heading.default\">\n\t\t\t\t<div class=\"elementor-widget-container\">\n\t\t\t\t\t<h2 class=\"elementor-heading-title elementor-size-default\">Domingo de Ramos<\/h2>\t\t\t\t<\/div>\n\t\t\t\t<\/div>\n\t\t\t\t\t<\/div>\n\t\t<\/div>\n\t\t\t\t\t<\/div>\n\t\t<\/section>\n\t\t\t\t<section class=\"elementor-section elementor-top-section elementor-element elementor-element-7b8758b1 elementor-section-boxed elementor-section-height-default elementor-section-height-default\" data-id=\"7b8758b1\" data-element_type=\"section\">\n\t\t\t\t\t\t<div class=\"elementor-container elementor-column-gap-default\">\n\t\t\t\t\t\t<\/div>\n\t\t<\/section>\n\t\t\t\t<section class=\"elementor-section elementor-top-section elementor-element elementor-element-3145d874 elementor-section-boxed elementor-section-height-default elementor-section-height-default\" data-id=\"3145d874\" data-element_type=\"section\">\n\t\t\t\t\t\t<div class=\"elementor-container elementor-column-gap-default\">\n\t\t\t\t\t\t<\/div>\n\t\t<\/section>\n\t\t\t\t<section class=\"elementor-section elementor-top-section elementor-element elementor-element-5ebd45ee elementor-section-boxed elementor-section-height-default elementor-section-height-default\" data-id=\"5ebd45ee\" data-element_type=\"section\">\n\t\t\t\t\t\t<div class=\"elementor-container elementor-column-gap-default\">\n\t\t\t\t\t\t<\/div>\n\t\t<\/section>\n\t\t\t\t<section class=\"elementor-section elementor-top-section elementor-element elementor-element-38c87d26 elementor-section-boxed elementor-section-height-default elementor-section-height-default\" data-id=\"38c87d26\" data-element_type=\"section\">\n\t\t\t\t\t\t<div class=\"elementor-container elementor-column-gap-default\">\n\t\t\t\t\t\t<\/div>\n\t\t<\/section>\n\t\t\t\t<section class=\"elementor-section elementor-top-section elementor-element elementor-element-52a0fec9 elementor-section-boxed elementor-section-height-default elementor-section-height-default\" data-id=\"52a0fec9\" data-element_type=\"section\">\n\t\t\t\t\t\t<div class=\"elementor-container elementor-column-gap-default\">\n\t\t\t\t\t\t<\/div>\n\t\t<\/section>\n\t\t\t\t<section class=\"elementor-section elementor-top-section elementor-element elementor-element-3cbea7bd elementor-section-boxed elementor-section-height-default elementor-section-height-default\" data-id=\"3cbea7bd\" data-element_type=\"section\">\n\t\t\t\t\t\t<div class=\"elementor-container elementor-column-gap-default\">\n\t\t\t\t\t\t<\/div>\n\t\t<\/section>\n\t\t\t\t<section class=\"elementor-section elementor-top-section elementor-element elementor-element-29639ddb elementor-section-boxed elementor-section-height-default elementor-section-height-default\" data-id=\"29639ddb\" data-element_type=\"section\">\n\t\t\t\t\t\t<div class=\"elementor-container elementor-column-gap-default\">\n\t\t\t\t\t\t<\/div>\n\t\t<\/section>\n\t\t\t\t<section class=\"elementor-section elementor-top-section elementor-element elementor-element-23a0f07c elementor-section-boxed elementor-section-height-default elementor-section-height-default\" data-id=\"23a0f07c\" data-element_type=\"section\">\n\t\t\t\t\t\t<div class=\"elementor-container elementor-column-gap-default\">\n\t\t\t\t\t<div class=\"elementor-column elementor-col-100 elementor-top-column elementor-element elementor-element-1a0e85e9\" data-id=\"1a0e85e9\" data-element_type=\"column\">\n\t\t\t<div class=\"elementor-widget-wrap elementor-element-populated\">\n\t\t\t\t\t\t\t<\/div>\n\t\t<\/div>\n\t\t\t\t\t<\/div>\n\t\t<\/section>\n\t\t\t\t<section class=\"elementor-section elementor-top-section elementor-element elementor-element-73f59251 elementor-section-boxed elementor-section-height-default elementor-section-height-default\" data-id=\"73f59251\" data-element_type=\"section\">\n\t\t\t\t\t\t<div class=\"elementor-container elementor-column-gap-default\">\n\t\t\t\t\t<div class=\"elementor-column elementor-col-100 elementor-top-column elementor-element elementor-element-7b1399ca\" data-id=\"7b1399ca\" data-element_type=\"column\">\n\t\t\t<div class=\"elementor-widget-wrap elementor-element-populated\">\n\t\t\t\t\t\t<div class=\"elementor-element elementor-element-3b1e0178 elementor-widget elementor-widget-heading\" data-id=\"3b1e0178\" data-element_type=\"widget\" data-widget_type=\"heading.default\">\n\t\t\t\t<div class=\"elementor-widget-container\">\n\t\t\t\t\t<h2 class=\"elementor-heading-title elementor-size-default\">Of\u00edcio de Trevas<\/h2>\t\t\t\t<\/div>\n\t\t\t\t<\/div>\n\t\t\t\t\t<\/div>\n\t\t<\/div>\n\t\t\t\t\t<\/div>\n\t\t<\/section>\n\t\t\t\t<section class=\"elementor-section elementor-top-section elementor-element elementor-element-18c0846d elementor-section-boxed elementor-section-height-default elementor-section-height-default\" data-id=\"18c0846d\" data-element_type=\"section\">\n\t\t\t\t\t\t<div class=\"elementor-container elementor-column-gap-default\">\n\t\t\t\t\t<div class=\"elementor-column elementor-col-100 elementor-top-column elementor-element elementor-element-78af570\" data-id=\"78af570\" data-element_type=\"column\">\n\t\t\t<div class=\"elementor-widget-wrap elementor-element-populated\">\n\t\t\t\t\t\t\t<\/div>\n\t\t<\/div>\n\t\t\t\t\t<\/div>\n\t\t<\/section>\n\t\t\t\t<section class=\"elementor-section elementor-top-section elementor-element elementor-element-61102a90 elementor-section-boxed elementor-section-height-default elementor-section-height-default\" data-id=\"61102a90\" data-element_type=\"section\">\n\t\t\t\t\t\t<div class=\"elementor-container elementor-column-gap-default\">\n\t\t\t\t\t<div class=\"elementor-column elementor-col-100 elementor-top-column elementor-element elementor-element-1d322de0\" data-id=\"1d322de0\" data-element_type=\"column\">\n\t\t\t<div class=\"elementor-widget-wrap elementor-element-populated\">\n\t\t\t\t\t\t<div class=\"elementor-element elementor-element-2c257b37 elementor-widget elementor-widget-heading\" data-id=\"2c257b37\" data-element_type=\"widget\" data-widget_type=\"heading.default\">\n\t\t\t\t<div class=\"elementor-widget-container\">\n\t\t\t\t\t<h2 class=\"elementor-heading-title elementor-size-default\">Quinta-feira Santa<\/h2>\t\t\t\t<\/div>\n\t\t\t\t<\/div>\n\t\t\t\t\t<\/div>\n\t\t<\/div>\n\t\t\t\t\t<\/div>\n\t\t<\/section>\n\t\t\t\t<section class=\"elementor-section elementor-top-section elementor-element elementor-element-6d83cf5e elementor-section-boxed elementor-section-height-default elementor-section-height-default\" data-id=\"6d83cf5e\" data-element_type=\"section\">\n\t\t\t\t\t\t<div class=\"elementor-container elementor-column-gap-default\">\n\t\t\t\t\t<div class=\"elementor-column elementor-col-100 elementor-top-column elementor-element elementor-element-4b865ed1\" data-id=\"4b865ed1\" data-element_type=\"column\">\n\t\t\t<div class=\"elementor-widget-wrap elementor-element-populated\">\n\t\t\t\t\t\t\t<\/div>\n\t\t<\/div>\n\t\t\t\t\t<\/div>\n\t\t<\/section>\n\t\t\t\t<section class=\"elementor-section elementor-top-section elementor-element elementor-element-235c6aeb elementor-section-boxed elementor-section-height-default elementor-section-height-default\" data-id=\"235c6aeb\" data-element_type=\"section\">\n\t\t\t\t\t\t<div class=\"elementor-container elementor-column-gap-default\">\n\t\t\t\t\t<div class=\"elementor-column elementor-col-100 elementor-top-column elementor-element elementor-element-52fa2a96\" data-id=\"52fa2a96\" data-element_type=\"column\">\n\t\t\t<div class=\"elementor-widget-wrap elementor-element-populated\">\n\t\t\t\t\t\t<div class=\"elementor-element elementor-element-4c946cd0 elementor-widget elementor-widget-heading\" data-id=\"4c946cd0\" data-element_type=\"widget\" data-widget_type=\"heading.default\">\n\t\t\t\t<div class=\"elementor-widget-container\">\n\t\t\t\t\t<h2 class=\"elementor-heading-title elementor-size-default\">Sexta-feira Santo<\/h2>\t\t\t\t<\/div>\n\t\t\t\t<\/div>\n\t\t\t\t\t<\/div>\n\t\t<\/div>\n\t\t\t\t\t<\/div>\n\t\t<\/section>\n\t\t\t\t<section class=\"elementor-section elementor-top-section elementor-element elementor-element-34eac70c elementor-section-boxed elementor-section-height-default elementor-section-height-default\" data-id=\"34eac70c\" data-element_type=\"section\">\n\t\t\t\t\t\t<div class=\"elementor-container elementor-column-gap-default\">\n\t\t\t\t\t<div class=\"elementor-column elementor-col-100 elementor-top-column elementor-element elementor-element-4ef69917\" data-id=\"4ef69917\" data-element_type=\"column\">\n\t\t\t<div class=\"elementor-widget-wrap elementor-element-populated\">\n\t\t\t\t\t\t\t<\/div>\n\t\t<\/div>\n\t\t\t\t\t<\/div>\n\t\t<\/section>\n\t\t\t\t<section class=\"elementor-section elementor-top-section elementor-element elementor-element-34fb4e34 elementor-section-boxed elementor-section-height-default elementor-section-height-default\" data-id=\"34fb4e34\" data-element_type=\"section\">\n\t\t\t\t\t\t<div class=\"elementor-container elementor-column-gap-default\">\n\t\t\t\t\t<div class=\"elementor-column elementor-col-100 elementor-top-column elementor-element elementor-element-6ebb52be\" data-id=\"6ebb52be\" data-element_type=\"column\">\n\t\t\t<div class=\"elementor-widget-wrap elementor-element-populated\">\n\t\t\t\t\t\t<div class=\"elementor-element elementor-element-738bb8d elementor-widget elementor-widget-heading\" data-id=\"738bb8d\" data-element_type=\"widget\" data-widget_type=\"heading.default\">\n\t\t\t\t<div class=\"elementor-widget-container\">\n\t\t\t\t\t<h2 class=\"elementor-heading-title elementor-size-default\">Vig\u00edlia Pascal<\/h2>\t\t\t\t<\/div>\n\t\t\t\t<\/div>\n\t\t\t\t\t<\/div>\n\t\t<\/div>\n\t\t\t\t\t<\/div>\n\t\t<\/section>\n\t\t\t\t<section class=\"elementor-section elementor-top-section elementor-element elementor-element-25acd8d1 elementor-section-boxed elementor-section-height-default elementor-section-height-default\" data-id=\"25acd8d1\" data-element_type=\"section\">\n\t\t\t\t\t\t<div class=\"elementor-container elementor-column-gap-default\">\n\t\t\t\t\t<div class=\"elementor-column elementor-col-100 elementor-top-column elementor-element elementor-element-31faf9e2\" data-id=\"31faf9e2\" data-element_type=\"column\">\n\t\t\t<div class=\"elementor-widget-wrap elementor-element-populated\">\n\t\t\t\t\t\t\t<\/div>\n\t\t<\/div>\n\t\t\t\t\t<\/div>\n\t\t<\/section>\n\t\t\t\t<section class=\"elementor-section elementor-top-section elementor-element elementor-element-139db461 elementor-section-boxed elementor-section-height-default elementor-section-height-default\" data-id=\"139db461\" data-element_type=\"section\">\n\t\t\t\t\t\t<div class=\"elementor-container elementor-column-gap-default\">\n\t\t\t\t\t<div class=\"elementor-column elementor-col-100 elementor-top-column elementor-element elementor-element-2f335c40\" data-id=\"2f335c40\" data-element_type=\"column\">\n\t\t\t<div class=\"elementor-widget-wrap elementor-element-populated\">\n\t\t\t\t\t\t<div class=\"elementor-element elementor-element-3e2ce666 elementor-widget elementor-widget-heading\" data-id=\"3e2ce666\" data-element_type=\"widget\" data-widget_type=\"heading.default\">\n\t\t\t\t<div class=\"elementor-widget-container\">\n\t\t\t\t\t<h2 class=\"elementor-heading-title elementor-size-default\">Domingo de P\u00e1scoa<\/h2>\t\t\t\t<\/div>\n\t\t\t\t<\/div>\n\t\t\t\t\t<\/div>\n\t\t<\/div>\n\t\t\t\t\t<\/div>\n\t\t<\/section>\n\t\t\t\t<section class=\"elementor-section elementor-top-section elementor-element elementor-element-3ca3b82f elementor-section-boxed elementor-section-height-default elementor-section-height-default\" data-id=\"3ca3b82f\" data-element_type=\"section\">\n\t\t\t\t\t\t<div class=\"elementor-container elementor-column-gap-default\">\n\t\t\t\t\t<div class=\"elementor-column elementor-col-100 elementor-top-column elementor-element elementor-element-301b4802\" data-id=\"301b4802\" data-element_type=\"column\">\n\t\t\t<div class=\"elementor-widget-wrap elementor-element-populated\">\n\t\t\t\t\t\t\t<\/div>\n\t\t<\/div>\n\t\t\t\t\t<\/div>\n\t\t<\/section>\n\t\t\t\t<\/div>\n\t\t","protected":false},"excerpt":{"rendered":"<p>Corpus Christi 2023 Semana Santa 2023 Domingo de Ramos Of\u00edcio de Trevas Quinta-feira Santa Sexta-feira Santo Vig\u00edlia Pascal Domingo de P\u00e1scoa<\/p>\n","protected":false},"author":1,"featured_media":0,"parent":0,"menu_order":0,"comment_status":"closed","ping_status":"closed","template":"","meta":{"footnotes":""},"class_list":["post-61","page","type-page","status-publish","hentry"],"yoast_head":"<!-- This site is optimized with the Yoast SEO plugin v25.7 - https:\/\/yoast.com\/wordpress\/plugins\/seo\/ -->\n<title>Galeria - Ordem Terceira<\/title>\n<meta name=\"robots\" content=\"index, follow, max-snippet:-1, max-image-preview:large, max-video-preview:-1\" \/>\n<link rel=\"canonical\" href=\"https:\/\/ordemterceira.com.br\/index.php\/galeria\/\" \/>\n<meta property=\"og:locale\" content=\"en_US\" \/>\n<meta property=\"og:type\" content=\"article\" \/>\n<meta property=\"og:title\" content=\"Galeria - Ordem Terceira\" \/>\n<meta property=\"og:description\" content=\"Corpus Christi 2023 Semana Santa 2023 Domingo de Ramos Of\u00edcio de Trevas Quinta-feira Santa Sexta-feira Santo Vig\u00edlia Pascal Domingo de P\u00e1scoa\" \/>\n<meta property=\"og:url\" content=\"https:\/\/ordemterceira.com.br\/index.php\/galeria\/\" \/>\n<meta property=\"og:site_name\" content=\"Ordem Terceira\" \/>\n<meta property=\"article:modified_time\" content=\"2023-10-09T04:06:31+00:00\" \/>\n<meta name=\"twitter:card\" content=\"summary_large_image\" \/>\n<script type=\"application\/ld+json\" class=\"yoast-schema-graph\">{\"@context\":\"https:\/\/schema.org\",\"@graph\":[{\"@type\":\"WebPage\",\"@id\":\"https:\/\/ordemterceira.com.br\/index.php\/galeria\/\",\"url\":\"https:\/\/ordemterceira.com.br\/index.php\/galeria\/\",\"name\":\"Galeria - Ordem Terceira\",\"isPartOf\":{\"@id\":\"https:\/\/ordemterceira.com.br\/#website\"},\"datePublished\":\"2023-10-09T04:05:38+00:00\",\"dateModified\":\"2023-10-09T04:06:31+00:00\",\"breadcrumb\":{\"@id\":\"https:\/\/ordemterceira.com.br\/index.php\/galeria\/#breadcrumb\"},\"inLanguage\":\"en-US\",\"potentialAction\":[{\"@type\":\"ReadAction\",\"target\":[\"https:\/\/ordemterceira.com.br\/index.php\/galeria\/\"]}]},{\"@type\":\"BreadcrumbList\",\"@id\":\"https:\/\/ordemterceira.com.br\/index.php\/galeria\/#breadcrumb\",\"itemListElement\":[{\"@type\":\"ListItem\",\"position\":1,\"name\":\"In\u00edcio\",\"item\":\"https:\/\/ordemterceira.com.br\/\"},{\"@type\":\"ListItem\",\"position\":2,\"name\":\"Galeria\"}]},{\"@type\":\"WebSite\",\"@id\":\"https:\/\/ordemterceira.com.br\/#website\",\"url\":\"https:\/\/ordemterceira.com.br\/\",\"name\":\"Ordem Terceira\",\"description\":\"\",\"publisher\":{\"@id\":\"https:\/\/ordemterceira.com.br\/#organization\"},\"potentialAction\":[{\"@type\":\"SearchAction\",\"target\":{\"@type\":\"EntryPoint\",\"urlTemplate\":\"https:\/\/ordemterceira.com.br\/?s={search_term_string}\"},\"query-input\":{\"@type\":\"PropertyValueSpecification\",\"valueRequired\":true,\"valueName\":\"search_term_string\"}}],\"inLanguage\":\"en-US\"},{\"@type\":\"Organization\",\"@id\":\"https:\/\/ordemterceira.com.br\/#organization\",\"name\":\"Ordem Terceira\",\"url\":\"https:\/\/ordemterceira.com.br\/\",\"logo\":{\"@type\":\"ImageObject\",\"inLanguage\":\"en-US\",\"@id\":\"https:\/\/ordemterceira.com.br\/#\/schema\/logo\/image\/\",\"url\":\"https:\/\/ordemterceira.com.br\/wp-content\/uploads\/2023\/10\/Brasao-sem-fundo-150x150-1.png\",\"contentUrl\":\"https:\/\/ordemterceira.com.br\/wp-content\/uploads\/2023\/10\/Brasao-sem-fundo-150x150-1.png\",\"width\":150,\"height\":150,\"caption\":\"Ordem Terceira\"},\"image\":{\"@id\":\"https:\/\/ordemterceira.com.br\/#\/schema\/logo\/image\/\"},\"sameAs\":[\"https:\/\/www.instagram.com\/veneravelordem\/\",\"https:\/\/www.youtube.com\/@veneravelordem\"]}]}<\/script>\n<!-- \/ Yoast SEO plugin. -->","yoast_head_json":{"title":"Galeria - Ordem Terceira","robots":{"index":"index","follow":"follow","max-snippet":"max-snippet:-1","max-image-preview":"max-image-preview:large","max-video-preview":"max-video-preview:-1"},"canonical":"https:\/\/ordemterceira.com.br\/index.php\/galeria\/","og_locale":"en_US","og_type":"article","og_title":"Galeria - Ordem Terceira","og_description":"Corpus Christi 2023 Semana Santa 2023 Domingo de Ramos Of\u00edcio de Trevas Quinta-feira Santa Sexta-feira Santo Vig\u00edlia Pascal Domingo de P\u00e1scoa","og_url":"https:\/\/ordemterceira.com.br\/index.php\/galeria\/","og_site_name":"Ordem Terceira","article_modified_time":"2023-10-09T04:06:31+00:00","twitter_card":"summary_large_image","schema":{"@context":"https:\/\/schema.org","@graph":[{"@type":"WebPage","@id":"https:\/\/ordemterceira.com.br\/index.php\/galeria\/","url":"https:\/\/ordemterceira.com.br\/index.php\/galeria\/","name":"Galeria - Ordem Terceira","isPartOf":{"@id":"https:\/\/ordemterceira.com.br\/#website"},"datePublished":"2023-10-09T04:05:38+00:00","dateModified":"2023-10-09T04:06:31+00:00","breadcrumb":{"@id":"https:\/\/ordemterceira.com.br\/index.php\/galeria\/#breadcrumb"},"inLanguage":"en-US","potentialAction":[{"@type":"ReadAction","target":["https:\/\/ordemterceira.com.br\/index.php\/galeria\/"]}]},{"@type":"BreadcrumbList","@id":"https:\/\/ordemterceira.com.br\/index.php\/galeria\/#breadcrumb","itemListElement":[{"@type":"ListItem","position":1,"name":"In\u00edcio","item":"https:\/\/ordemterceira.com.br\/"},{"@type":"ListItem","position":2,"name":"Galeria"}]},{"@type":"WebSite","@id":"https:\/\/ordemterceira.com.br\/#website","url":"https:\/\/ordemterceira.com.br\/","name":"Ordem Terceira","description":"","publisher":{"@id":"https:\/\/ordemterceira.com.br\/#organization"},"potentialAction":[{"@type":"SearchAction","target":{"@type":"EntryPoint","urlTemplate":"https:\/\/ordemterceira.com.br\/?s={search_term_string}"},"query-input":{"@type":"PropertyValueSpecification","valueRequired":true,"valueName":"search_term_string"}}],"inLanguage":"en-US"},{"@type":"Organization","@id":"https:\/\/ordemterceira.com.br\/#organization","name":"Ordem Terceira","url":"https:\/\/ordemterceira.com.br\/","logo":{"@type":"ImageObject","inLanguage":"en-US","@id":"https:\/\/ordemterceira.com.br\/#\/schema\/logo\/image\/","url":"https:\/\/ordemterceira.com.br\/wp-content\/uploads\/2023\/10\/Brasao-sem-fundo-150x150-1.png","contentUrl":"https:\/\/ordemterceira.com.br\/wp-content\/uploads\/2023\/10\/Brasao-sem-fundo-150x150-1.png","width":150,"height":150,"caption":"Ordem Terceira"},"image":{"@id":"https:\/\/ordemterceira.com.br\/#\/schema\/logo\/image\/"},"sameAs":["https:\/\/www.instagram.com\/veneravelordem\/","https:\/\/www.youtube.com\/@veneravelordem"]}]}},"_links":{"self":[{"href":"https:\/\/ordemterceira.com.br\/index.php\/wp-json\/wp\/v2\/pages\/61","targetHints":{"allow":["GET"]}}],"collection":[{"href":"https:\/\/ordemterceira.com.br\/index.php\/wp-json\/wp\/v2\/pages"}],"about":[{"href":"https:\/\/ordemterceira.com.br\/index.php\/wp-json\/wp\/v2\/types\/page"}],"author":[{"embeddable":true,"href":"https:\/\/ordemterceira.com.br\/index.php\/wp-json\/wp\/v2\/users\/1"}],"replies":[{"embeddable":true,"href":"https:\/\/ordemterceira.com.br\/index.php\/wp-json\/wp\/v2\/comments?post=61"}],"version-history":[{"count":4,"href":"https:\/\/ordemterceira.com.br\/index.php\/wp-json\/wp\/v2\/pages\/61\/revisions"}],"predecessor-version":[{"id":146,"href":"https:\/\/ordemterceira.com.br\/index.php\/wp-json\/wp\/v2\/pages\/61\/revisions\/146"}],"wp:attachment":[{"href":"https:\/\/ordemterceira.com.br\/index.php\/wp-json\/wp\/v2\/media?parent=61"}],"curies":[{"name":"wp","href":"https:\/\/api.w.org\/{rel}","templated":true}]}}