{"id":965,"date":"2023-06-21T16:22:27","date_gmt":"2023-06-21T19:22:27","guid":{"rendered":"https:\/\/ordemterceira.com.br\/?page_id=965"},"modified":"2023-06-21T16:22:27","modified_gmt":"2023-06-21T19:22:27","slug":"novena-festa-da-padroeira-2023-2","status":"publish","type":"page","link":"https:\/\/ordemterceira.com.br\/index.php\/novena-festa-da-padroeira-2023-2\/","title":{"rendered":"NOVENA &#038; FESTA DA PADROEIRA 2023"},"content":{"rendered":"\t\t<div data-elementor-type=\"wp-page\" data-elementor-id=\"965\" class=\"elementor elementor-965\" data-elementor-post-type=\"page\">\n\t\t\t\t\t\t<section class=\"elementor-section elementor-top-section elementor-element elementor-element-5990dd4 elementor-section-boxed elementor-section-height-default elementor-section-height-default\" data-id=\"5990dd4\" data-element_type=\"section\">\n\t\t\t\t\t\t<div class=\"elementor-container elementor-column-gap-default\">\n\t\t\t\t\t<div class=\"elementor-column elementor-col-100 elementor-top-column elementor-element elementor-element-da39a27\" data-id=\"da39a27\" data-element_type=\"column\">\n\t\t\t<div class=\"elementor-widget-wrap elementor-element-populated\">\n\t\t\t\t\t\t<div class=\"elementor-element elementor-element-02bd898 elementor-widget elementor-widget-image\" data-id=\"02bd898\" data-element_type=\"widget\" data-widget_type=\"image.default\">\n\t\t\t\t<div class=\"elementor-widget-container\">\n\t\t\t\t\t\t\t\t\t\t\t\t\t\t\t<img decoding=\"async\" src=\"https:\/\/ordemterceira.com.br\/wp-content\/uploads\/2023\/06\/Solene-Novenario-capa-do-site.png\" title=\"\" alt=\"Novena de Nossa Senhora do Carmo\" loading=\"lazy\" \/>\t\t\t\t\t\t\t\t\t\t\t\t\t\t\t<\/div>\n\t\t\t\t<\/div>\n\t\t\t\t\t<\/div>\n\t\t<\/div>\n\t\t\t\t\t<\/div>\n\t\t<\/section>\n\t\t\t\t<section class=\"elementor-section elementor-top-section elementor-element elementor-element-9121800 elementor-section-boxed elementor-section-height-default elementor-section-height-default\" data-id=\"9121800\" data-element_type=\"section\">\n\t\t\t\t\t\t<div class=\"elementor-container elementor-column-gap-default\">\n\t\t\t\t\t<div class=\"elementor-column elementor-col-100 elementor-top-column elementor-element elementor-element-bdf34e8\" data-id=\"bdf34e8\" data-element_type=\"column\">\n\t\t\t<div class=\"elementor-widget-wrap elementor-element-populated\">\n\t\t\t\t\t\t<div class=\"elementor-element elementor-element-48d0ad1 elementor-widget elementor-widget-heading\" data-id=\"48d0ad1\" data-element_type=\"widget\" data-widget_type=\"heading.default\">\n\t\t\t\t<div class=\"elementor-widget-container\">\n\t\t\t\t\t<h2 class=\"elementor-heading-title elementor-size-default\"><span id=\"docs-internal-guid-f9ac5595-7fff-b65e-dcae-2567fcf63354\"><p dir=\"ltr\" style=\"line-height:1.38;margin-top:0pt;margin-bottom:0pt\"><span style=\"font-size: 11pt;font-family: Arial;background-color: transparent;vertical-align: baseline\">Leonardo Arroyo escreve que sempre foi tradi\u00e7\u00e3o da Igreja do Carmo da Ladeira realizar as melhores Missas Cantadas, Melhores Prociss\u00f5es, as mais caprichadas comemora\u00e7\u00f5es da Semana Santa al\u00e9m das mais belas novenas da cidade.<\/span><\/p><p dir=\"ltr\" style=\"line-height:1.38;margin-top:0pt;margin-bottom:0pt\"><span style=\"font-size: 11pt;font-family: Arial;background-color: transparent;vertical-align: baseline\">&nbsp;<\/span><\/p><p dir=\"ltr\" style=\"line-height:1.38;margin-top:0pt;margin-bottom:0pt\"><span style=\"font-size: 11pt;font-family: Arial;background-color: transparent;vertical-align: baseline\">A centen\u00e1ria novena de Nossa Senhora do Carmo da Ordem Terceira faz parte da cidade de S\u00e3o Paulo.<\/span><\/p><br><p dir=\"ltr\" style=\"line-height:1.38;margin-top:0pt;margin-bottom:0pt\"><span style=\"font-size: 11pt;font-family: Arial;background-color: transparent;vertical-align: baseline\">Feita at\u00e9 os dias de hoje em sua forma tradicional a solene novena transmite, \u00e0queles que a assistem, o esp\u00edrito dos carmelitas paulistanos.<\/span><\/p><br><p dir=\"ltr\" style=\"line-height:1.38;margin-top:0pt;margin-bottom:0pt\"><span style=\"font-size: 11pt;font-family: Arial;background-color: transparent;vertical-align: baseline\">N\u00e3o trata-se apenas de uma festa religiosa preservada por ser o modo sublime e tradicional de honrar a Sant\u00edssima Virgem ou por representar a cultura do povo cat\u00f3lico paulistano. Ela \u00e9 tamb\u00e9m, um meio eficaz de evangeliza\u00e7\u00e3o.<\/span><\/p><br><p dir=\"ltr\" style=\"line-height:1.38;margin-top:0pt;margin-bottom:0pt\"><span style=\"font-size: 11pt;font-family: Arial;background-color: transparent;vertical-align: baseline\">Afinal, quantos n\u00e3o guardam vivamente na mem\u00f3ria o dia que participaram pela primeira vez da celebra\u00e7\u00e3o da Solene Novena.<\/span><\/p><br><p dir=\"ltr\" style=\"line-height:1.38;margin-top:0pt;margin-bottom:0pt\"><span style=\"font-size: 11pt;font-family: Arial;background-color: transparent;vertical-align: baseline\">Grandeza \u00e9 a palavra que pode definir estas cerim\u00f4nias. Entendemos com elas a Majestade da Rainha dos c\u00e9us.<\/span><\/p><br><p dir=\"ltr\" style=\"line-height:1.38;margin-top:0pt;margin-bottom:0pt\"><span style=\"font-size: 11pt;font-family: Arial;background-color: transparent;vertical-align: baseline\">Com isso fica o nosso convite para que voc\u00ea participe conosco do Nosso Solene Noven\u00e1rio<\/span><\/p><\/span><\/h2>\t\t\t\t<\/div>\n\t\t\t\t<\/div>\n\t\t\t\t\t<\/div>\n\t\t<\/div>\n\t\t\t\t\t<\/div>\n\t\t<\/section>\n\t\t\t\t<section class=\"elementor-section elementor-top-section elementor-element elementor-element-9ba223d elementor-section-boxed elementor-section-height-default elementor-section-height-default\" data-id=\"9ba223d\" data-element_type=\"section\">\n\t\t\t\t\t\t<div class=\"elementor-container elementor-column-gap-default\">\n\t\t\t\t\t<div class=\"elementor-column elementor-col-100 elementor-top-column elementor-element elementor-element-14d3a0b\" data-id=\"14d3a0b\" data-element_type=\"column\">\n\t\t\t<div class=\"elementor-widget-wrap\">\n\t\t\t\t\t\t\t<\/div>\n\t\t<\/div>\n\t\t\t\t\t<\/div>\n\t\t<\/section>\n\t\t\t\t<\/div>\n\t\t","protected":false},"excerpt":{"rendered":"<p>Leonardo Arroyo escreve que sempre foi tradi\u00e7\u00e3o da Igreja do Carmo da Ladeira realizar as melhores Missas Cantadas, Melhores Prociss\u00f5es, as mais caprichadas comemora\u00e7\u00f5es da Semana Santa al\u00e9m das mais belas novenas da cidade. &nbsp; A centen\u00e1ria novena de Nossa Senhora do Carmo da Ordem Terceira faz parte da cidade de S\u00e3o Paulo. Feita at\u00e9 [&hellip;]<\/p>\n","protected":false},"author":1,"featured_media":0,"parent":0,"menu_order":0,"comment_status":"closed","ping_status":"closed","template":"","meta":{"footnotes":""},"class_list":["post-965","page","type-page","status-publish","hentry"],"yoast_head":"<!-- This site is optimized with the Yoast SEO plugin v25.7 - https:\/\/yoast.com\/wordpress\/plugins\/seo\/ -->\n<title>NOVENA &amp; FESTA DA PADROEIRA 2023 - Ordem Terceira<\/title>\n<meta name=\"robots\" content=\"index, follow, max-snippet:-1, max-image-preview:large, max-video-preview:-1\" \/>\n<link rel=\"canonical\" href=\"https:\/\/ordemterceira.com.br\/index.php\/novena-festa-da-padroeira-2023-2\/\" \/>\n<meta property=\"og:locale\" content=\"en_US\" \/>\n<meta property=\"og:type\" content=\"article\" \/>\n<meta property=\"og:title\" content=\"NOVENA &amp; FESTA DA PADROEIRA 2023 - Ordem Terceira\" \/>\n<meta property=\"og:description\" content=\"Leonardo Arroyo escreve que sempre foi tradi\u00e7\u00e3o da Igreja do Carmo da Ladeira realizar as melhores Missas Cantadas, Melhores Prociss\u00f5es, as mais caprichadas comemora\u00e7\u00f5es da Semana Santa al\u00e9m das mais belas novenas da cidade. &nbsp; A centen\u00e1ria novena de Nossa Senhora do Carmo da Ordem Terceira faz parte da cidade de S\u00e3o Paulo. Feita at\u00e9 [&hellip;]\" \/>\n<meta property=\"og:url\" content=\"https:\/\/ordemterceira.com.br\/index.php\/novena-festa-da-padroeira-2023-2\/\" \/>\n<meta property=\"og:site_name\" content=\"Ordem Terceira\" \/>\n<meta property=\"og:image\" content=\"https:\/\/ordemterceira.com.br\/wp-content\/uploads\/2023\/06\/Solene-Novenario-capa-do-site-1024x577.png\" \/>\n<meta name=\"twitter:card\" content=\"summary_large_image\" \/>\n<meta name=\"twitter:label1\" content=\"Est. reading time\" \/>\n\t<meta name=\"twitter:data1\" content=\"1 minute\" \/>\n<script type=\"application\/ld+json\" class=\"yoast-schema-graph\">{\"@context\":\"https:\/\/schema.org\",\"@graph\":[{\"@type\":\"WebPage\",\"@id\":\"https:\/\/ordemterceira.com.br\/index.php\/novena-festa-da-padroeira-2023-2\/\",\"url\":\"https:\/\/ordemterceira.com.br\/index.php\/novena-festa-da-padroeira-2023-2\/\",\"name\":\"NOVENA & FESTA DA PADROEIRA 2023 - Ordem Terceira\",\"isPartOf\":{\"@id\":\"https:\/\/ordemterceira.com.br\/#website\"},\"primaryImageOfPage\":{\"@id\":\"https:\/\/ordemterceira.com.br\/index.php\/novena-festa-da-padroeira-2023-2\/#primaryimage\"},\"image\":{\"@id\":\"https:\/\/ordemterceira.com.br\/index.php\/novena-festa-da-padroeira-2023-2\/#primaryimage\"},\"thumbnailUrl\":\"https:\/\/ordemterceira.com.br\/wp-content\/uploads\/2023\/06\/Solene-Novenario-capa-do-site-1024x577.png\",\"datePublished\":\"2023-06-21T19:22:27+00:00\",\"breadcrumb\":{\"@id\":\"https:\/\/ordemterceira.com.br\/index.php\/novena-festa-da-padroeira-2023-2\/#breadcrumb\"},\"inLanguage\":\"en-US\",\"potentialAction\":[{\"@type\":\"ReadAction\",\"target\":[\"https:\/\/ordemterceira.com.br\/index.php\/novena-festa-da-padroeira-2023-2\/\"]}]},{\"@type\":\"ImageObject\",\"inLanguage\":\"en-US\",\"@id\":\"https:\/\/ordemterceira.com.br\/index.php\/novena-festa-da-padroeira-2023-2\/#primaryimage\",\"url\":\"https:\/\/ordemterceira.com.br\/wp-content\/uploads\/2023\/06\/Solene-Novenario-capa-do-site-1024x577.png\",\"contentUrl\":\"https:\/\/ordemterceira.com.br\/wp-content\/uploads\/2023\/06\/Solene-Novenario-capa-do-site-1024x577.png\"},{\"@type\":\"BreadcrumbList\",\"@id\":\"https:\/\/ordemterceira.com.br\/index.php\/novena-festa-da-padroeira-2023-2\/#breadcrumb\",\"itemListElement\":[{\"@type\":\"ListItem\",\"position\":1,\"name\":\"In\u00edcio\",\"item\":\"https:\/\/ordemterceira.com.br\/\"},{\"@type\":\"ListItem\",\"position\":2,\"name\":\"NOVENA &#038; FESTA DA PADROEIRA 2023\"}]},{\"@type\":\"WebSite\",\"@id\":\"https:\/\/ordemterceira.com.br\/#website\",\"url\":\"https:\/\/ordemterceira.com.br\/\",\"name\":\"Ordem Terceira\",\"description\":\"\",\"publisher\":{\"@id\":\"https:\/\/ordemterceira.com.br\/#organization\"},\"potentialAction\":[{\"@type\":\"SearchAction\",\"target\":{\"@type\":\"EntryPoint\",\"urlTemplate\":\"https:\/\/ordemterceira.com.br\/?s={search_term_string}\"},\"query-input\":{\"@type\":\"PropertyValueSpecification\",\"valueRequired\":true,\"valueName\":\"search_term_string\"}}],\"inLanguage\":\"en-US\"},{\"@type\":\"Organization\",\"@id\":\"https:\/\/ordemterceira.com.br\/#organization\",\"name\":\"Ordem Terceira\",\"url\":\"https:\/\/ordemterceira.com.br\/\",\"logo\":{\"@type\":\"ImageObject\",\"inLanguage\":\"en-US\",\"@id\":\"https:\/\/ordemterceira.com.br\/#\/schema\/logo\/image\/\",\"url\":\"https:\/\/ordemterceira.com.br\/wp-content\/uploads\/2023\/10\/Brasao-sem-fundo-150x150-1.png\",\"contentUrl\":\"https:\/\/ordemterceira.com.br\/wp-content\/uploads\/2023\/10\/Brasao-sem-fundo-150x150-1.png\",\"width\":150,\"height\":150,\"caption\":\"Ordem Terceira\"},\"image\":{\"@id\":\"https:\/\/ordemterceira.com.br\/#\/schema\/logo\/image\/\"},\"sameAs\":[\"https:\/\/www.instagram.com\/veneravelordem\/\",\"https:\/\/www.youtube.com\/@veneravelordem\"]}]}<\/script>\n<!-- \/ Yoast SEO plugin. -->","yoast_head_json":{"title":"NOVENA & FESTA DA PADROEIRA 2023 - Ordem Terceira","robots":{"index":"index","follow":"follow","max-snippet":"max-snippet:-1","max-image-preview":"max-image-preview:large","max-video-preview":"max-video-preview:-1"},"canonical":"https:\/\/ordemterceira.com.br\/index.php\/novena-festa-da-padroeira-2023-2\/","og_locale":"en_US","og_type":"article","og_title":"NOVENA & FESTA DA PADROEIRA 2023 - Ordem Terceira","og_description":"Leonardo Arroyo escreve que sempre foi tradi\u00e7\u00e3o da Igreja do Carmo da Ladeira realizar as melhores Missas Cantadas, Melhores Prociss\u00f5es, as mais caprichadas comemora\u00e7\u00f5es da Semana Santa al\u00e9m das mais belas novenas da cidade. &nbsp; A centen\u00e1ria novena de Nossa Senhora do Carmo da Ordem Terceira faz parte da cidade de S\u00e3o Paulo. Feita at\u00e9 [&hellip;]","og_url":"https:\/\/ordemterceira.com.br\/index.php\/novena-festa-da-padroeira-2023-2\/","og_site_name":"Ordem Terceira","og_image":[{"url":"https:\/\/ordemterceira.com.br\/wp-content\/uploads\/2023\/06\/Solene-Novenario-capa-do-site-1024x577.png","type":"","width":"","height":""}],"twitter_card":"summary_large_image","twitter_misc":{"Est. reading time":"1 minute"},"schema":{"@context":"https:\/\/schema.org","@graph":[{"@type":"WebPage","@id":"https:\/\/ordemterceira.com.br\/index.php\/novena-festa-da-padroeira-2023-2\/","url":"https:\/\/ordemterceira.com.br\/index.php\/novena-festa-da-padroeira-2023-2\/","name":"NOVENA & FESTA DA PADROEIRA 2023 - Ordem Terceira","isPartOf":{"@id":"https:\/\/ordemterceira.com.br\/#website"},"primaryImageOfPage":{"@id":"https:\/\/ordemterceira.com.br\/index.php\/novena-festa-da-padroeira-2023-2\/#primaryimage"},"image":{"@id":"https:\/\/ordemterceira.com.br\/index.php\/novena-festa-da-padroeira-2023-2\/#primaryimage"},"thumbnailUrl":"https:\/\/ordemterceira.com.br\/wp-content\/uploads\/2023\/06\/Solene-Novenario-capa-do-site-1024x577.png","datePublished":"2023-06-21T19:22:27+00:00","breadcrumb":{"@id":"https:\/\/ordemterceira.com.br\/index.php\/novena-festa-da-padroeira-2023-2\/#breadcrumb"},"inLanguage":"en-US","potentialAction":[{"@type":"ReadAction","target":["https:\/\/ordemterceira.com.br\/index.php\/novena-festa-da-padroeira-2023-2\/"]}]},{"@type":"ImageObject","inLanguage":"en-US","@id":"https:\/\/ordemterceira.com.br\/index.php\/novena-festa-da-padroeira-2023-2\/#primaryimage","url":"https:\/\/ordemterceira.com.br\/wp-content\/uploads\/2023\/06\/Solene-Novenario-capa-do-site-1024x577.png","contentUrl":"https:\/\/ordemterceira.com.br\/wp-content\/uploads\/2023\/06\/Solene-Novenario-capa-do-site-1024x577.png"},{"@type":"BreadcrumbList","@id":"https:\/\/ordemterceira.com.br\/index.php\/novena-festa-da-padroeira-2023-2\/#breadcrumb","itemListElement":[{"@type":"ListItem","position":1,"name":"In\u00edcio","item":"https:\/\/ordemterceira.com.br\/"},{"@type":"ListItem","position":2,"name":"NOVENA &#038; FESTA DA PADROEIRA 2023"}]},{"@type":"WebSite","@id":"https:\/\/ordemterceira.com.br\/#website","url":"https:\/\/ordemterceira.com.br\/","name":"Ordem Terceira","description":"","publisher":{"@id":"https:\/\/ordemterceira.com.br\/#organization"},"potentialAction":[{"@type":"SearchAction","target":{"@type":"EntryPoint","urlTemplate":"https:\/\/ordemterceira.com.br\/?s={search_term_string}"},"query-input":{"@type":"PropertyValueSpecification","valueRequired":true,"valueName":"search_term_string"}}],"inLanguage":"en-US"},{"@type":"Organization","@id":"https:\/\/ordemterceira.com.br\/#organization","name":"Ordem Terceira","url":"https:\/\/ordemterceira.com.br\/","logo":{"@type":"ImageObject","inLanguage":"en-US","@id":"https:\/\/ordemterceira.com.br\/#\/schema\/logo\/image\/","url":"https:\/\/ordemterceira.com.br\/wp-content\/uploads\/2023\/10\/Brasao-sem-fundo-150x150-1.png","contentUrl":"https:\/\/ordemterceira.com.br\/wp-content\/uploads\/2023\/10\/Brasao-sem-fundo-150x150-1.png","width":150,"height":150,"caption":"Ordem Terceira"},"image":{"@id":"https:\/\/ordemterceira.com.br\/#\/schema\/logo\/image\/"},"sameAs":["https:\/\/www.instagram.com\/veneravelordem\/","https:\/\/www.youtube.com\/@veneravelordem"]}]}},"_links":{"self":[{"href":"https:\/\/ordemterceira.com.br\/index.php\/wp-json\/wp\/v2\/pages\/965","targetHints":{"allow":["GET"]}}],"collection":[{"href":"https:\/\/ordemterceira.com.br\/index.php\/wp-json\/wp\/v2\/pages"}],"about":[{"href":"https:\/\/ordemterceira.com.br\/index.php\/wp-json\/wp\/v2\/types\/page"}],"author":[{"embeddable":true,"href":"https:\/\/ordemterceira.com.br\/index.php\/wp-json\/wp\/v2\/users\/1"}],"replies":[{"embeddable":true,"href":"https:\/\/ordemterceira.com.br\/index.php\/wp-json\/wp\/v2\/comments?post=965"}],"version-history":[{"count":0,"href":"https:\/\/ordemterceira.com.br\/index.php\/wp-json\/wp\/v2\/pages\/965\/revisions"}],"wp:attachment":[{"href":"https:\/\/ordemterceira.com.br\/index.php\/wp-json\/wp\/v2\/media?parent=965"}],"curies":[{"name":"wp","href":"https:\/\/api.w.org\/{rel}","templated":true}]}}